{"id":1217,"date":"2024-05-19T19:48:59","date_gmt":"2024-05-19T17:48:59","guid":{"rendered":"https:\/\/www.eurart.eu\/qui-sommes-nous\/"},"modified":"2026-06-05T14:50:09","modified_gmt":"2026-06-05T12:50:09","slug":"qui-sommes-nous","status":"publish","type":"page","link":"https:\/\/www.eurart.eu\/en\/qui-sommes-nous\/","title":{"rendered":"Who are we?"},"content":{"rendered":"<div class=\"wpb-content-wrapper\"><p>[vc_row][vc_column][vc_empty_space height=&#8221;90px&#8221;][\/vc_column][\/vc_row][vc_row css=&#8221;.vc_custom_1716111938931{margin-right: 20px !important;margin-left: 20px !important;}&#8221;][vc_column][vc_row_inner gap=&#8221;20&#8243;][vc_column_inner][vc_column_text css_animation=&#8221;fadeInUp&#8221; css=&#8221;&#8221;]<\/p>\n<h1>Eur\u2019Art Endowment Fund<\/h1>\n<p>9, Avenue de Saint Cloud &#8211; 78000 Versailles &#8211; FRANCE<\/p>\n<p>&nbsp;<\/p>\n<h2>Board of Directors: :<\/h2>\n<h4>\u00a0Founding Chair:<\/h4>\n<p>Dominique Defontaines<\/p>\n<h4>Board Members<\/h4>\n<p>Marie Fr\u00e9tigny \u2013 Art historian \/ Mus\u00e9e du Luxembourg, Paris<br \/>\nPetra Ma\u0161\u00ednov\u00e1 \u2013 Diplomat \/ Czech Embassy in Paris<br \/>\nNathalie Wolff \u2013 Vice-Dean for Culture \/ University of Versailles Saint-Quentin-en-Yvelines<\/p>\n<p>&nbsp;<\/p>\n<h2>Executive Director<\/h2>\n<p>Marie Kopeck\u00e1 Verhoeven<\/p>\n<p>&nbsp;<\/p>\n<h2>Statutory Auditor<\/h2>\n<p>Qualians &#8211; 20, Avenue de l&#8217;Europe &#8211; 78000 Versailles &#8211; www.qualians.fr[\/vc_column_text][\/vc_column_inner][\/vc_row_inner][vc_empty_space][\/vc_column][\/vc_row]<\/p>\n<\/div>","protected":false},"excerpt":{"rendered":"<p> Eur\u2019Art Endowment Fund 9, Avenue de Saint Cloud &#8211; 78000 Versailles &#8211; FRANCE &nbsp; Board of Directors: : \u00a0Founding Chair: Dominique Defontaines Board Members Marie Fr\u00e9tigny \u2013 Art historian \/ Mus\u00e9e du Luxembourg, Paris Petra Ma\u0161\u00ednov\u00e1 \u2013 Diplomat \/ Czech Embassy in Paris Nathalie Wolff \u2013 Vice-Dean for Culture \/ University of Versailles Saint-Quentin-en-Yvelines &nbsp; Executive Director Marie Kopeck\u00e1 Verhoeven &nbsp; Statutory Auditor Qualians &#8211; 20, Avenue de l&#8217;Europe &#8211; 78000 Versailles &#8211; www.qualians.fr<\/p>\n","protected":false},"author":4,"featured_media":0,"parent":0,"menu_order":0,"comment_status":"closed","ping_status":"closed","template":"","meta":{"footnotes":""},"class_list":["post-1217","page","type-page","status-publish","hentry"],"yoast_head":"<!-- This site is optimized with the Yoast SEO plugin v27.5 - https:\/\/yoast.com\/product\/yoast-seo-wordpress\/ -->\n<title>Who are we? - EUR\u2019ART<\/title>\n<meta name=\"description\" content=\"Nous allons rassembler des d\u2019artistes peintres issus chacun d\u2019un des 38 pays europ\u00e9ens, pour pr\u00e9senter un portrait de l\u2019Europe.\" \/>\n<meta name=\"robots\" content=\"index, follow, max-snippet:-1, max-image-preview:large, max-video-preview:-1\" \/>\n<link rel=\"canonical\" href=\"https:\/\/www.eurart.eu\/en\/qui-sommes-nous\/\" \/>\n<meta property=\"og:locale\" content=\"en_US\" \/>\n<meta property=\"og:type\" content=\"article\" \/>\n<meta property=\"og:title\" content=\"Who are we? - EUR\u2019ART\" \/>\n<meta property=\"og:description\" content=\"Nous allons rassembler des d\u2019artistes peintres issus chacun d\u2019un des 38 pays europ\u00e9ens, pour pr\u00e9senter un portrait de l\u2019Europe.\" \/>\n<meta property=\"og:url\" content=\"https:\/\/www.eurart.eu\/en\/qui-sommes-nous\/\" \/>\n<meta property=\"og:site_name\" content=\"EUR\u2019ART\" \/>\n<meta property=\"article:modified_time\" content=\"2026-06-05T12:50:09+00:00\" \/>\n<meta name=\"twitter:card\" content=\"summary_large_image\" \/>\n<meta name=\"twitter:label1\" content=\"Est. reading time\" \/>\n\t<meta name=\"twitter:data1\" content=\"1 minute\" \/>\n<script type=\"application\/ld+json\" class=\"yoast-schema-graph\">{\"@context\":\"https:\\\/\\\/schema.org\",\"@graph\":[{\"@type\":\"WebPage\",\"@id\":\"https:\\\/\\\/www.eurart.eu\\\/en\\\/qui-sommes-nous\\\/\",\"url\":\"https:\\\/\\\/www.eurart.eu\\\/en\\\/qui-sommes-nous\\\/\",\"name\":\"Who are we? - EUR\u2019ART\",\"isPartOf\":{\"@id\":\"https:\\\/\\\/www.eurart.eu\\\/en\\\/#website\"},\"datePublished\":\"2024-05-19T17:48:59+00:00\",\"dateModified\":\"2026-06-05T12:50:09+00:00\",\"description\":\"Nous allons rassembler des d\u2019artistes peintres issus chacun d\u2019un des 38 pays europ\u00e9ens, pour pr\u00e9senter un portrait de l\u2019Europe.\",\"breadcrumb\":{\"@id\":\"https:\\\/\\\/www.eurart.eu\\\/en\\\/qui-sommes-nous\\\/#breadcrumb\"},\"inLanguage\":\"en-US\",\"potentialAction\":[{\"@type\":\"ReadAction\",\"target\":[\"https:\\\/\\\/www.eurart.eu\\\/en\\\/qui-sommes-nous\\\/\"]}]},{\"@type\":\"BreadcrumbList\",\"@id\":\"https:\\\/\\\/www.eurart.eu\\\/en\\\/qui-sommes-nous\\\/#breadcrumb\",\"itemListElement\":[{\"@type\":\"ListItem\",\"position\":1,\"name\":\"Home\",\"item\":\"https:\\\/\\\/www.eurart.eu\\\/en\\\/\"},{\"@type\":\"ListItem\",\"position\":2,\"name\":\"Who are we?\"}]},{\"@type\":\"WebSite\",\"@id\":\"https:\\\/\\\/www.eurart.eu\\\/en\\\/#website\",\"url\":\"https:\\\/\\\/www.eurart.eu\\\/en\\\/\",\"name\":\"EUR\u2019ART\",\"description\":\"Fonds de dotation pour la cr\u00e9ation europ\u00e9enne\",\"potentialAction\":[{\"@type\":\"SearchAction\",\"target\":{\"@type\":\"EntryPoint\",\"urlTemplate\":\"https:\\\/\\\/www.eurart.eu\\\/en\\\/?s={search_term_string}\"},\"query-input\":{\"@type\":\"PropertyValueSpecification\",\"valueRequired\":true,\"valueName\":\"search_term_string\"}}],\"inLanguage\":\"en-US\"}]}<\/script>\n<!-- \/ Yoast SEO plugin. -->","yoast_head_json":{"title":"Who are we? - EUR\u2019ART","description":"Nous allons rassembler des d\u2019artistes peintres issus chacun d\u2019un des 38 pays europ\u00e9ens, pour pr\u00e9senter un portrait de l\u2019Europe.","robots":{"index":"index","follow":"follow","max-snippet":"max-snippet:-1","max-image-preview":"max-image-preview:large","max-video-preview":"max-video-preview:-1"},"canonical":"https:\/\/www.eurart.eu\/en\/qui-sommes-nous\/","og_locale":"en_US","og_type":"article","og_title":"Who are we? - EUR\u2019ART","og_description":"Nous allons rassembler des d\u2019artistes peintres issus chacun d\u2019un des 38 pays europ\u00e9ens, pour pr\u00e9senter un portrait de l\u2019Europe.","og_url":"https:\/\/www.eurart.eu\/en\/qui-sommes-nous\/","og_site_name":"EUR\u2019ART","article_modified_time":"2026-06-05T12:50:09+00:00","twitter_card":"summary_large_image","twitter_misc":{"Est. reading time":"1 minute"},"schema":{"@context":"https:\/\/schema.org","@graph":[{"@type":"WebPage","@id":"https:\/\/www.eurart.eu\/en\/qui-sommes-nous\/","url":"https:\/\/www.eurart.eu\/en\/qui-sommes-nous\/","name":"Who are we? - EUR\u2019ART","isPartOf":{"@id":"https:\/\/www.eurart.eu\/en\/#website"},"datePublished":"2024-05-19T17:48:59+00:00","dateModified":"2026-06-05T12:50:09+00:00","description":"Nous allons rassembler des d\u2019artistes peintres issus chacun d\u2019un des 38 pays europ\u00e9ens, pour pr\u00e9senter un portrait de l\u2019Europe.","breadcrumb":{"@id":"https:\/\/www.eurart.eu\/en\/qui-sommes-nous\/#breadcrumb"},"inLanguage":"en-US","potentialAction":[{"@type":"ReadAction","target":["https:\/\/www.eurart.eu\/en\/qui-sommes-nous\/"]}]},{"@type":"BreadcrumbList","@id":"https:\/\/www.eurart.eu\/en\/qui-sommes-nous\/#breadcrumb","itemListElement":[{"@type":"ListItem","position":1,"name":"Home","item":"https:\/\/www.eurart.eu\/en\/"},{"@type":"ListItem","position":2,"name":"Who are we?"}]},{"@type":"WebSite","@id":"https:\/\/www.eurart.eu\/en\/#website","url":"https:\/\/www.eurart.eu\/en\/","name":"EUR\u2019ART","description":"Fonds de dotation pour la cr\u00e9ation europ\u00e9enne","potentialAction":[{"@type":"SearchAction","target":{"@type":"EntryPoint","urlTemplate":"https:\/\/www.eurart.eu\/en\/?s={search_term_string}"},"query-input":{"@type":"PropertyValueSpecification","valueRequired":true,"valueName":"search_term_string"}}],"inLanguage":"en-US"}]}},"_links":{"self":[{"href":"https:\/\/www.eurart.eu\/en\/wp-json\/wp\/v2\/pages\/1217","targetHints":{"allow":["GET"]}}],"collection":[{"href":"https:\/\/www.eurart.eu\/en\/wp-json\/wp\/v2\/pages"}],"about":[{"href":"https:\/\/www.eurart.eu\/en\/wp-json\/wp\/v2\/types\/page"}],"author":[{"embeddable":true,"href":"https:\/\/www.eurart.eu\/en\/wp-json\/wp\/v2\/users\/4"}],"replies":[{"embeddable":true,"href":"https:\/\/www.eurart.eu\/en\/wp-json\/wp\/v2\/comments?post=1217"}],"version-history":[{"count":2,"href":"https:\/\/www.eurart.eu\/en\/wp-json\/wp\/v2\/pages\/1217\/revisions"}],"predecessor-version":[{"id":1384,"href":"https:\/\/www.eurart.eu\/en\/wp-json\/wp\/v2\/pages\/1217\/revisions\/1384"}],"wp:attachment":[{"href":"https:\/\/www.eurart.eu\/en\/wp-json\/wp\/v2\/media?parent=1217"}],"curies":[{"name":"wp","href":"https:\/\/api.w.org\/{rel}","templated":true}]}}